{"id":1817,"date":"2019-06-10T20:47:12","date_gmt":"2019-06-10T20:47:12","guid":{"rendered":"https:\/\/www.songhatid.com\/?page_id=1817"},"modified":"2026-04-27T22:24:55","modified_gmt":"2026-04-27T22:24:55","slug":"krilasongur","status":"publish","type":"page","link":"https:\/\/songhatid.com\/en\/krilasongur\/","title":{"rendered":"Krilasongur"},"content":{"rendered":"<figure itemscope itemtype=\"https:\/\/schema.org\/ImageObject\">\n\t\t\t\t<img decoding=\"async\" src=\"https:\/\/songhatid.com\/wp-content\/uploads\/2020\/06\/Svafa.png\" alt=\"Svafa\" height=\"1650\" width=\"2200\" title=\"Svafa\" onerror=\"this.style.display='none'\" loading=\"lazy\" \/>\n\t<\/figure>\n<figure itemscope itemtype=\"https:\/\/schema.org\/ImageObject\">\n\t\t\t\t<img decoding=\"async\" src=\"https:\/\/songhatid.com\/wp-content\/uploads\/2019\/06\/IMG-1047.jpg\" alt=\"Svafa \u00de\u00f3rhallsd\u00f3ttir, kennari                    \" title=\"IMG-1047\" onerror=\"this.style.display='none'\" loading=\"lazy\" \/>\n\t<\/figure>\n\t\t\t<a href=\"https:\/\/docs.google.com\/forms\/d\/e\/1FAIpQLScOZ_XdeobU8K6M-ELWf6mZWshJFfQOV9Mf8RINgPpk6wnChQ\/viewform\"  target=\"_self\">\n\t\t\t\t\t\t\tSkr\u00e1ningarhlekkur 11:00-11:45\n\t\t\t\t\t<\/a>\n\t\t\t<a href=\"https:\/\/docs.google.com\/forms\/d\/e\/1FAIpQLSfpz6sJ1mjFzw-uwYK8y7ChzvAikoz8jFZmsXwgvJ9J8xUJsw\/viewform\"  target=\"_self\">\n\t\t\t\t\t\t\tSkr\u00e1ningarhlekkur 13:00-13:45\n\t\t\t\t\t<\/a>\n\t<h4><strong>Kr\u00edlas\u00f6ngur fyrir 6 &#8211; 18 m\u00e1na\u00f0a\u00a0\u00a0<\/strong><\/h4>\n<h3><strong>Sun. 28.6.2026 kl. 11:00-11:45 og 13:00-13:45<\/strong><\/h3>\n\n<h4>Vi\u00f0 syngjum og d\u00f6nsum saman og hlustum \u00e1 t\u00f3nlist. N\u00e1nd og snerting styrkir tengslamyndun milli foreldris og barns og s\u00f6nggle\u00f0in styrkist. Ranns\u00f3knir s\u00fdna me\u00f0al annars a\u00f0 t\u00f3nlist \u00f6rvar hreyfi- og tilfinninga\u00feroska barna. T\u00f3nlistarstundirnar \u00f6rva \u00f6ll skynsvi\u00f0 kr\u00edlanna og \u00feau nj\u00f3ta \u00feess a\u00f0 vera me\u00f0 \u00f6\u00f0rum b\u00f6rnum og hinum fullor\u00f0nu. B\u00f6rnin skynja stemmninguna sem skapast og upplifa gle\u00f0ina \u00ed umhverfinu. Kr\u00edlas\u00f6ngur er fyrir \u00f6ll l\u00edtil kr\u00edli og fyrir \u00feitt barn er \u00fe\u00edn r\u00f6dd fegurst!<\/h4>\n\n<h4>N\u00e1mskei\u00f0sgjald:<\/h4>\n<h4>500 kr. \u00e1 barn \u00e1 dag<\/h4>\n<h4>H\u00e6gt er a\u00f0 koma einu sinni e\u00f0a tvisvar<\/h4>\n\n<h4>Lengd:<\/h4>\n<h4>45 m\u00edn\u00fatur<\/h4>\n\n<h4>Sta\u00f0setning:<\/h4>\n<h4><a href=\"https:\/\/hafnarborg.is\/\">Hafnarborg<\/a>, Strandg\u00f6tu 34, Hafnarfir\u00f0i.<\/h4>\n\n\n\n<h4><strong>Kennari: <\/strong><\/h4>\n<h4>Svafa \u00deo\u0301rhallsdo\u0301ttir\u00a0<\/h4>\n<h4 role=\"none\"><\/h4>\n<h4><strong>Um kennarann:<\/strong><\/h4>\n\n<h4>Svafa \u00deo\u0301rhallsdo\u0301ttir er f\u00e6dd i\u0301 Reykjavi\u0301k a\u0301ri\u00f0 1981. Hu\u0301n lauk to\u0301nlistarkennarapro\u0301fi fra\u0301 To\u0301nlistarsko\u0301lanum i\u0301 Reykjavi\u0301k og si\u0301\u00f0ar mastersgra\u0301\u00f0u i\u0301 so\u0308ng og to\u0301nmenntakennslu fra\u0301 Konunglega To\u0301nlistarha\u0301sko\u0301lanum i\u0301 Kaupmannaho\u0308fn. Svafa starfar sem to\u0301nlistarkennari, so\u0308ngvari og ko\u0301rstjo\u0301ri i\u0301 Kaupmannaho\u0308fn. Hu\u0301n hefur se\u0301rstakan a\u0301huga a\u0301 to\u0301nlistar\u00feroska hja\u0301 bo\u0308rnum, og er hu\u0301n hluti af to\u0301nlistar ho\u0301pnum &#8222;Den poetiske elefant&#8220;\/ &#8222;Ljo\u0301\u00f0r\u00e6ni fi\u0301llinn&#8220; sem flytur reglulega klassi\u0301ska to\u0301nleika fyrir bo\u0308rn.<\/h4>\n\n\n<h4><strong><a href=\"http:\/\/www.hafnarborg.is\">www.hafnarborg.is<\/a><\/strong><\/h4>\n<h4><strong><a href=\"http:\/\/www.songhatid.is\">www.songhatid.is<\/a><\/strong><\/h4>\n\t\t\t<a href=\"https:\/\/docs.google.com\/forms\/d\/e\/1FAIpQLScOZ_XdeobU8K6M-ELWf6mZWshJFfQOV9Mf8RINgPpk6wnChQ\/viewform\"  target=\"_self\">\n\t\t\t\t\t\t\tSkr\u00e1ningarhlekkur 11:00-11:45\n\t\t\t\t\t<\/a>\n\t\t\t<a href=\"https:\/\/docs.google.com\/forms\/d\/e\/1FAIpQLSfpz6sJ1mjFzw-uwYK8y7ChzvAikoz8jFZmsXwgvJ9J8xUJsw\/viewform\"  target=\"_self\">\n\t\t\t\t\t\t\tSkr\u00e1ningarhlekkur 13:00-13:45\n\t\t\t\t\t<\/a>","protected":false},"excerpt":{"rendered":"<p>Skr\u00e1ningarhlekkur 11:00-11:45 Skr\u00e1ningarhlekkur 13:00-13:45 Kr\u00edlas\u00f6ngur fyrir 6 &#8211; 18 m\u00e1na\u00f0a\u00a0\u00a0 Sun. 28.6.2026 kl. 11:00-11:45 og 13:00-13:45 Vi\u00f0 syngjum og d\u00f6nsum saman og hlustum \u00e1 t\u00f3nlist. N\u00e1nd og snerting styrkir tengslamyndun milli foreldris og barns og s\u00f6nggle\u00f0in styrkist. Ranns\u00f3knir s\u00fdna me\u00f0al annars a\u00f0 t\u00f3nlist \u00f6rvar hreyfi- og tilfinninga\u00feroska barna. T\u00f3nlistarstundirnar \u00f6rva \u00f6ll skynsvi\u00f0 kr\u00edlanna og \u00feau&hellip;<\/p>","protected":false},"author":1,"featured_media":0,"parent":0,"menu_order":0,"comment_status":"closed","ping_status":"closed","template":"","meta":{"footnotes":""},"class_list":["post-1817","page","type-page","status-publish","hentry"],"_links":{"self":[{"href":"https:\/\/songhatid.com\/en\/wp-json\/wp\/v2\/pages\/1817","targetHints":{"allow":["GET"]}}],"collection":[{"href":"https:\/\/songhatid.com\/en\/wp-json\/wp\/v2\/pages"}],"about":[{"href":"https:\/\/songhatid.com\/en\/wp-json\/wp\/v2\/types\/page"}],"author":[{"embeddable":true,"href":"https:\/\/songhatid.com\/en\/wp-json\/wp\/v2\/users\/1"}],"replies":[{"embeddable":true,"href":"https:\/\/songhatid.com\/en\/wp-json\/wp\/v2\/comments?post=1817"}],"version-history":[{"count":27,"href":"https:\/\/songhatid.com\/en\/wp-json\/wp\/v2\/pages\/1817\/revisions"}],"predecessor-version":[{"id":4023,"href":"https:\/\/songhatid.com\/en\/wp-json\/wp\/v2\/pages\/1817\/revisions\/4023"}],"wp:attachment":[{"href":"https:\/\/songhatid.com\/en\/wp-json\/wp\/v2\/media?parent=1817"}],"curies":[{"name":"wp","href":"https:\/\/api.w.org\/{rel}","templated":true}]}}