{"id":1820,"date":"2019-06-10T20:48:45","date_gmt":"2019-06-10T20:48:45","guid":{"rendered":"https:\/\/www.songhatid.com\/?page_id=1820"},"modified":"2026-04-27T22:21:18","modified_gmt":"2026-04-27T22:21:18","slug":"tonlistarsmidja-3","status":"publish","type":"page","link":"https:\/\/songhatid.com\/en\/tonlistarsmidja-3\/","title":{"rendered":"Tonlistarsmidja"},"content":{"rendered":"<figure itemscope itemtype=\"https:\/\/schema.org\/ImageObject\">\n\t\t\t\t<img decoding=\"async\" src=\"https:\/\/songhatid.com\/wp-content\/uploads\/2019\/06\/Songhatid-Smidja-7-1024x683.jpg\" alt=\"Songhatid-Smidja-7-1024x683\" height=\"528\" width=\"704\" title=\"Songhatid-Smidja-7-1024x683\" onerror=\"this.style.display='none'\" loading=\"lazy\" \/>\n\t<\/figure>\n\t\t\t<a href=\"https:\/\/docs.google.com\/forms\/d\/e\/1FAIpQLScj7PlAybWbMaHqIorv62kSD45Dh1BC-3WLPN-OKwsNO3oNwQ\/viewform\"  target=\"_self\">\n\t\t\t\t\t\t\tSkr\u00e1ningarhlekkur 11:00-11:45\n\t\t\t\t\t<\/a>\n\t\t\t<a href=\"https:\/\/docs.google.com\/forms\/d\/e\/1FAIpQLSdff1FJtSmAH1L97UNQoTWUfHzCYbpfoVp22TYQ0NBDe5IzRQ\/viewform\"  target=\"_self\">\n\t\t\t\t\t\t\tSkr\u00e1ningarhlekkur 13:00-13:45\n\t\t\t\t\t<\/a>\n\t<h1><strong>T\u00f3nlistarsmi\u00f0ja fyrir 3-5 \u00e1ra\u00a0<\/strong><\/h1>\n<h3><strong>Lau. 27. j\u00fan\u00ed 2026 kl. 11:00-11:45 og 13:00-13:45<\/strong><\/h3>\n\n<h4>S\u00f6ngh\u00e1t\u00ed\u00f0 \u00ed Hafnarborg \u00ed samstarfi vi\u00f0 Hafnarborg b\u00fd\u00f0ur upp \u00e1 t\u00f3nlistarsmi\u00f0ju fyrir 3-5 \u00e1ra b\u00f6rn me\u00f0 foreldrum. \u00cd smi\u00f0junni munu b\u00f6rnin eiga saman g\u00f3\u00f0a og gefandi stund \u00ed gegnum t\u00f3nlistarupplifun. Sungin eru \u00fdmis skemmtileg l\u00f6g, dansa\u00f0, fari\u00f0 \u00ed t\u00f3nlistartengda leiki og spila\u00f0 \u00e1 hlj\u00f3\u00f0f\u00e6ri. \u00cd lokin er \u00ed bo\u00f0i a\u00f0 syngja lag \u00ed hlj\u00f3\u00f0nema fyrir \u00feau sem vilja. Athugi\u00f0 a\u00f0 h\u00e1marksfj\u00f6ldi er 12 b\u00f6rn.<\/h4>\n<h4><strong>Sta\u00f0ur: <\/strong><\/h4>\n<h4>Hafnarborg, Ap\u00f3tekssalur, Strandg\u00f6tu 34, Hafnarfir\u00f0i<\/h4>\n<h4><strong>N\u00e1mskei\u00f0sgjald: <\/strong>500 kr. \u00e1 barn \u00e1 dag.<\/h4>\n<h4>Lengd: 45 m\u00edn\u00fatur.<\/h4>\n<h4>Dagsetning:<\/h4>\n<h4>Laugardaginn 27. j\u00fan\u00ed 2026 kl. 11:00-11:45 og 13:00-13:45.<\/h4>\n<h4>Kennari<strong>: <\/strong><\/h4>\n<h4>Valger\u00f0ur J\u00f3nsd\u00f3ttir<\/h4>\n\n<h4>Um kennarann:<\/h4>\n<h4>Valger\u00f0ur J\u00f3nsd\u00f3ttir er s\u00f6ngkona og t\u00f3nmenntakennari fr\u00e1 Akranesi. H\u00fan lauk t\u00f3nmenntakennarapr\u00f3fi fr\u00e1 T\u00f3nlistarsk\u00f3lanum \u00ed Reykjav\u00edk \u00e1ri\u00f0 2000 og lokapr\u00f3fi \u00ed s\u00f6ng fr\u00e1 T\u00f3nlistarsk\u00f3la F\u00cdH \u00e1ri\u00f0 2004. Valger\u00f0ur hefur fr\u00e1 \u00e1rinu 2000 kennt t\u00f3nlist \u00e1 leiksk\u00f3lum og \u00ed grunnsk\u00f3lum h\u00e9r \u00e1 \u00cdslandi sem og haldi\u00f0 \u00fdmis t\u00f3nlistarn\u00e1mskei\u00f0 fyrir b\u00f6rn og fullor\u00f0na. Valger\u00f0ur hefur einnig stj\u00f3rna\u00f0 barna- og fullor\u00f0insk\u00f3rum \u00ed Danm\u00f6rku og \u00e1 \u00cdslandi og er n\u00fa stj\u00f3rnandi Sk\u00f3lak\u00f3rs Grundask\u00f3la og Karlak\u00f3rsins Svana \u00e1 Akranesi. \u00dear rekur h\u00fan einnig af\u00fereyingarsetri\u00f0 Smi\u00f0julofti\u00f0 \u00e1samt eiginmanni s\u00ednum og kennir m.a. t\u00f3nlistarn\u00e1mskei\u00f0 \u00e6tlu\u00f0 3-5 \u00e1ra b\u00f6rnum og foreldrum \u00feeirra.<\/h4>\n<h4><strong><a href=\"http:\/\/www.hafnarborg.is\">www.hafnarborg.is<\/a><\/strong><\/h4>\n<h4><strong><a href=\"http:\/\/www.songhatid.is\">www.songhatid.is<\/a><\/strong><\/h4>\n\t\t\t<a href=\"https:\/\/docs.google.com\/forms\/d\/e\/1FAIpQLScj7PlAybWbMaHqIorv62kSD45Dh1BC-3WLPN-OKwsNO3oNwQ\/viewform\"  target=\"_self\">\n\t\t\t\t\t\t\tSkr\u00e1ningarhlekkur 11:00-11:45\n\t\t\t\t\t<\/a>\n\t\t\t<a href=\"https:\/\/docs.google.com\/forms\/d\/e\/1FAIpQLSdff1FJtSmAH1L97UNQoTWUfHzCYbpfoVp22TYQ0NBDe5IzRQ\/viewform\"  target=\"_self\">\n\t\t\t\t\t\t\tSkr\u00e1ningarhlekkur 13:00-13:45\n\t\t\t\t\t<\/a>","protected":false},"excerpt":{"rendered":"<p>Skr\u00e1ningarhlekkur 11:00-11:45 Skr\u00e1ningarhlekkur 13:00-13:45 T\u00f3nlistarsmi\u00f0ja fyrir 3-5 \u00e1ra\u00a0 Lau. 27. j\u00fan\u00ed 2026 kl. 11:00-11:45 og 13:00-13:45 S\u00f6ngh\u00e1t\u00ed\u00f0 \u00ed Hafnarborg \u00ed samstarfi vi\u00f0 Hafnarborg b\u00fd\u00f0ur upp \u00e1 t\u00f3nlistarsmi\u00f0ju fyrir 3-5 \u00e1ra b\u00f6rn me\u00f0 foreldrum. \u00cd smi\u00f0junni munu b\u00f6rnin eiga saman g\u00f3\u00f0a og gefandi stund \u00ed gegnum t\u00f3nlistarupplifun. Sungin eru \u00fdmis skemmtileg l\u00f6g, dansa\u00f0, fari\u00f0 \u00ed t\u00f3nlistartengda&hellip;<\/p>","protected":false},"author":1,"featured_media":0,"parent":0,"menu_order":0,"comment_status":"closed","ping_status":"closed","template":"","meta":{"footnotes":""},"class_list":["post-1820","page","type-page","status-publish","hentry"],"_links":{"self":[{"href":"https:\/\/songhatid.com\/en\/wp-json\/wp\/v2\/pages\/1820","targetHints":{"allow":["GET"]}}],"collection":[{"href":"https:\/\/songhatid.com\/en\/wp-json\/wp\/v2\/pages"}],"about":[{"href":"https:\/\/songhatid.com\/en\/wp-json\/wp\/v2\/types\/page"}],"author":[{"embeddable":true,"href":"https:\/\/songhatid.com\/en\/wp-json\/wp\/v2\/users\/1"}],"replies":[{"embeddable":true,"href":"https:\/\/songhatid.com\/en\/wp-json\/wp\/v2\/comments?post=1820"}],"version-history":[{"count":32,"href":"https:\/\/songhatid.com\/en\/wp-json\/wp\/v2\/pages\/1820\/revisions"}],"predecessor-version":[{"id":4022,"href":"https:\/\/songhatid.com\/en\/wp-json\/wp\/v2\/pages\/1820\/revisions\/4022"}],"wp:attachment":[{"href":"https:\/\/songhatid.com\/en\/wp-json\/wp\/v2\/media?parent=1820"}],"curies":[{"name":"wp","href":"https:\/\/api.w.org\/{rel}","templated":true}]}}