{"id":3798,"date":"2025-02-25T21:16:32","date_gmt":"2025-02-25T21:16:32","guid":{"rendered":"https:\/\/songhatid.com\/?page_id=3798"},"modified":"2026-04-28T12:35:46","modified_gmt":"2026-04-28T12:35:46","slug":"home","status":"publish","type":"page","link":"https:\/\/songhatid.com\/en\/","title":{"rendered":"home"},"content":{"rendered":"<h1>\n\t\t\tS\u00f6ngh\u00e1t\u00ed\u00f0 \u00ed Hafnarborg fagnar 10 \u00e1ra afm\u00e6li\t<\/h1>\n\t<p>13. &#8211; 28.6.2026<\/p>\n\t<p>Myndir fr\u00e1 S\u00f6ngh\u00e1t\u00ed\u00f0 \u00ed Hafnarborg 2025<\/p>\n<h2  id=\"tonleikar\">\n\t\t\tT\u00f3nleikar 2026\t<\/h2>\n\t<p><strong>Laugardagur 13.6.2026 kl. 17:00<\/strong><\/p>\n<p><strong>Lj\u00f3\u00f0at\u00f3nleikar<\/strong><\/p>\n<p>Sally Matthews s\u00f3pran<\/p>\n<p>Simon Lepper p\u00edan\u00f3leikari<\/p>\n\t<p><strong>Laugardagur 20.6.2026 kl. 17:00<\/strong><\/p>\n<p><strong>Suor Angelica eftir Giacomo Puccini<\/strong><\/p>\n<p>Gjallandi<\/p>\n<p>\u00d3l\u00edna \u00c1kad\u00f3ttir p\u00edan\u00f3leikari<\/p>\n\t<p><strong>Sunnudagur 21.6.2026 kl. 17:00<\/strong><\/p>\n<p><strong>Lj\u00f3\u00f0at\u00f3nleikar<\/strong><\/p>\n<p>Stuart Skelton ten\u00f3r<\/p>\n<p>Liam Kaplan p\u00edan\u00f3leikari<\/p>\n\t<p><strong>\u00deri\u00f0judagur 23.6.2026 kl. 20:00<\/strong><\/p>\n<p><strong>Fragments<\/strong><\/p>\n<p>Olga Vocal Ensemble<\/p>\n\t<p><strong>Fimmtudagur 25.6.2026 kl. 20:00<\/strong><\/p>\n<p><strong>Master class concert<\/strong><\/p>\n<p>Students of Kristin Sigmundsson<\/p>\n<p>Helga Brynd\u00eds Magn\u00fasd\u00f3ttir pianist<\/p>\n\t<p><strong>F\u00f6studagur 26.6.2026 kl. 17:00<\/strong><\/p>\n<p><strong>Family Concert<\/strong><\/p>\n<p>Solveig \u00d3skarsd\u00f3ttir s\u00f6ngkona<\/p>\n<p>Anna \u00de\u00f3rhildur Gunnarsd\u00f3ttir p\u00edan\u00f3leikari<\/p>\n\t<p><strong>Laugardagur 27.6.2026 kl. 17:00<\/strong><\/p>\n<p><strong>Hinn eil\u00edfi s\u00f6ngur<\/strong><\/p>\n<p>Gu\u00f0r\u00fan J\u00f3hanna \u00d3lafsd\u00f3ttir mezzo-soprano<\/p>\n<p>Halld\u00f3ra \u00d3sk Helgad\u00f3ttir s\u00f3pran<\/p>\n<p>\u00de\u00f3ra Krist\u00edn Gunnarsd\u00f3ttir p\u00edan\u00f3leikari<\/p>\n<p>Bjargey Birgisd\u00f3ttir fi\u00f0luleikari<\/p>\n<p>S\u00f3lveig Stein\u00fe\u00f3rsd\u00f3ttir fi\u00f0luleikari<\/p>\n<p>Fidel Atli Quintero Gasparsson vi\u00f3luleikari<\/p>\n<p>J\u00fal\u00eda Mogensen sell\u00f3leikari<\/p>\n\t<p><strong>Sunnudagur 28.6.2026 kl. 17:00<\/strong><\/p>\n<p><strong>Opera Gala<\/strong><\/p>\n<p>Harpa \u00d3sk Bj\u00f6rnsd\u00f3ttir s\u00f3pran<\/p>\n<p>Sigr\u00ed\u00f0ur \u00d3sk Kristj\u00e1nsd\u00f3ttir mezz\u00f3s\u00f3pran<\/p>\n<p>Elmar Gilbertsson ten\u00f3r<\/p>\n<p>Andri Bj\u00f6rn R\u00f3bertsson bass-barit\u00f3n<\/p>\n<p>Matthildur Anna G\u00edslad\u00f3ttir pianist<\/p>\n<h2  id=\"listamenn\">\n\t\t\tListamenn 2026\t<\/h2>\n\t<p>Andri Bj\u00f6rn R\u00f3bertsson bass-barit\u00f3n<\/p>\n<p>Anna El\u00edsa Axelsd\u00f3ttir mezz\u00f3s\u00f3pran (Gjallandi)<\/p>\n<p>Anna \u00de\u00f3rhildur Gunnarsd\u00f3ttir p\u00edan\u00f3leikari<\/p>\n<p>Anne Keil s\u00f6ngkona (Gjallandi)<\/p>\n<p>\u00c1sta Sigr\u00ed\u00f0ur Arnard\u00f3ttir s\u00f6ngkona (Gjallandi)<\/p>\n<p>Brynd\u00eds \u00c1sta Magn\u00fasd\u00f3ttir s\u00f6ngkona (Gjallandi)<\/p>\n<p>Elmar Gilbertsson ten\u00f3r<\/p>\n<p>Fidel Atli Quintero Gasparsson fi\u00f0luleikari<\/p>\n<p>Gjallandi<\/p>\n<p>Gu\u00f0r\u00fan J\u00f3hanna \u00d3lafsd\u00f3ttir mezzo-soprano<\/p>\n<p>Halld\u00f3ra \u00d3sk Helgad\u00f3ttir s\u00f3pran<\/p>\n<p>Harpa \u00d3sk Bj\u00f6rnsd\u00f3ttir s\u00f3pran<\/p>\n<p>Helga Brynd\u00eds Magn\u00fasd\u00f3ttir pianist<\/p>\n<p>J\u00fal\u00eda Mogensen sell\u00f3leikari<\/p>\n<p>Kristr\u00fan Gu\u00f0mundsd\u00f3ttir s\u00f6ngkona (Gjallandi)<\/p>\n<p>Liam Kaplan p\u00edan\u00f3leikari<\/p>\n<p>Margr\u00e9t Bj\u00f6rk Da\u00f0ad\u00f3ttir s\u00f6ngkona (Gjallandi)<\/p>\n<p>Matthildur Anna G\u00edslad\u00f3ttir pianist<\/p>\n<p>Olga Vocal Ensemble<\/p>\n<p>\u00d3l\u00edna \u00c1kad\u00f3ttir p\u00edan\u00f3leikari<\/p>\n<p>Sally Matthews s\u00f3pran<\/p>\n<p>Sigr\u00ed\u00f0ur \u00d3sk Kristj\u00e1nsd\u00f3ttir mezz\u00f3s\u00f3pran<\/p>\n<p>Simon Lepper p\u00edan\u00f3leikari<\/p>\n<p>Solveig \u00d3skarsd\u00f3ttir s\u00f3pran<\/p>\n<p>S\u00f3lveig Stein\u00fe\u00f3rsd\u00f3ttir fi\u00f0luleikari<\/p>\n<p>Steinunn Mar\u00eda \u00deormar s\u00f6ngkona (Gjallandi)<\/p>\n<p>Stuart Skelton ten\u00f3r<\/p>\n<p>\u00de\u00f3ra Krist\u00edn Gunnarsd\u00f3ttir p\u00edan\u00f3leikari<\/p>\n<p>Matthew Lawrence Smith ten\u00f3r (Olga Vocal Ensemble)<\/p>\n<p>Jonathan Alexander Ploeg ten\u00f3r (Olga Vocal Ensemble)<\/p>\n<p>Arjan Lienaerts barit\u00f3n (Olga Vocal Ensemble)<\/p>\n<p>P\u00e9tur Oddbergur Heimisson bass-barit\u00f3n (Olga Vocal Ensemble)<\/p>\n<p>Philip Barkhudarov bassi (Olga Vocal Ensemble)<\/p>\n\n<h2  id=\"namskeid\">\n\t\t\tN\u00e1mskei\u00f0 2026\t<\/h2>\n<figure itemscope itemtype=\"https:\/\/schema.org\/ImageObject\">\n\t\t\t\t<a href=\"https:\/\/songhatid.com\/en\/tonlistarnamskeid-6-12-ara\/\"  target=\"_self\" itemprop=\"url\">\n\t\t\t\t<img decoding=\"async\" src=\"https:\/\/songhatid.com\/wp-content\/uploads\/2018\/05\/S\u00f6ngsmidja-2-300x225.jpg\" alt=\"S\u00f6ngsmidja-2\" height=\"225\" width=\"300\" title=\"S\u00f6ngsmidja-2\" onerror=\"this.style.display='none'\" loading=\"lazy\" \/>\n\t\t\t\t<\/a>\n\t<\/figure>\n\t<h3><a href=\"https:\/\/songhatid.com\/en\/tonlistarnamskeid-6-12-ara\/\">S\u00f6ngsmi\u00f0ja og myndlistar-\u00a0 n\u00e1mskei\u00f0<\/a><\/h3>\n<h4><strong>22. j\u00fan\u00ed &#8211; 26. j\u00fan\u00ed<\/strong><\/h4>\n<h4><strong>9:00-12:00 &amp; 13:00-16:00<\/strong><\/h4>\n<h4>Children aged 6-12<\/h4>\n<h4>S\u00e6var Helgi J\u00f3hannsson (t\u00f3nlist)<\/h4>\n<h4>\u00ddr K\u00e1rad\u00f3ttir, Unnur Mj\u00f6ll S. Leifsd\u00f3ttir (myndlist)<\/h4>\n<figure itemscope itemtype=\"https:\/\/schema.org\/ImageObject\">\n\t\t\t\t<a href=\"https:\/\/songhatid.com\/en\/tonlistarsmidja-3\/\"  target=\"_self\" itemprop=\"url\">\n\t\t\t\t<img decoding=\"async\" src=\"https:\/\/songhatid.com\/wp-content\/uploads\/2018\/05\/Tonlistarsmidja-300x225.jpg\" alt=\"Tonlistarsmidja\" height=\"225\" width=\"300\" title=\"Tonlistarsmidja\" onerror=\"this.style.display='none'\" loading=\"lazy\" \/>\n\t\t\t\t<\/a>\n\t<\/figure>\n\t<h3><a href=\"https:\/\/songhatid.com\/en\/tonlistarsmidja-3\/\">Music Course For Children<\/a><\/h3>\n<h4><strong>27. j\u00fan\u00ed <\/strong><\/h4>\n<h4><strong>kl. 11:00-11:45 <\/strong><\/h4>\n<h4><strong>kl. 13:00-13:45<\/strong><\/h4>\n<h4>Valger\u00f0ur J\u00f3nsd\u00f3ttir<\/h4>\n<h4>For children ages 3-5 <\/h4>\n<h4>with parents<\/h4>\n\t<h4><a href=\"https:\/\/songhatid.com\/en\/tonlistarsmidja-3\/\">Uppl\u00fdsingar<\/a><\/h4>\n<figure itemscope itemtype=\"https:\/\/schema.org\/ImageObject\">\n\t\t\t\t<a href=\"https:\/\/songhatid.com\/en\/master-class-2-2\/\"  target=\"_self\" itemprop=\"url\">\n\t\t\t\t<img decoding=\"async\" src=\"https:\/\/songhatid.com\/wp-content\/uploads\/2025\/02\/kristinn-sigmundsson.jpg\" alt=\"kristinn sigmundsson\" height=\"1500\" width=\"2000\" title=\"kristinn sigmundsson\" onerror=\"this.style.display='none'\" loading=\"lazy\" \/>\n\t\t\t\t<\/a>\n\t<\/figure>\n\t<h3><a href=\"https:\/\/songhatid.com\/en\/master-class-2-2\/\">Master Class<\/a><\/h3>\n<h4><strong>22. &#8211; 25. j\u00fan\u00ed<\/strong><\/h4>\n<h4><strong>kl. 9:30-16:30<\/strong><\/h4>\n<h4>Kristinn Sigmundsson<\/h4>\n<h4>For singing students and singers<\/h4>\n\n<figure itemscope itemtype=\"https:\/\/schema.org\/ImageObject\">\n\t\t\t\t<img decoding=\"async\" src=\"https:\/\/songhatid.com\/wp-content\/uploads\/2020\/06\/Svafa-300x225.png\" alt=\"Svafa\" height=\"225\" width=\"300\" title=\"Svafa\" onerror=\"this.style.display='none'\" loading=\"lazy\" \/>\n\t<\/figure>\n\t<h3><a href=\"https:\/\/songhatid.com\/en\/krilasongur\/\">Music for babies<\/a><\/h3>\n<h4>28. j\u00fan\u00ed\u00a0<\/h4>\n<h4>kl. 11:00-11:45<\/h4>\n<h4>kl. 13:00 og 13:45<\/h4>\n<h4>Svafa \u00de\u00f3rhallsd\u00f3ttir<\/h4>\n<h4>For 6-18 month old babies with parents<\/h4>\n\t<h4><a href=\"https:\/\/songhatid.com\/en\/krilasongur\/\">Uppl\u00fdsingar<\/a><\/h4>\n<figure itemscope itemtype=\"https:\/\/schema.org\/ImageObject\">\n\t\t\t\t<img decoding=\"async\" src=\"https:\/\/songhatid.com\/wp-content\/uploads\/2018\/03\/Logo-Hafnaborg.png\" alt=\"Logo Hafnaborg\" height=\"90\" width=\"223\" title=\"Logo Hafnaborg\" onerror=\"this.style.display='none'\" loading=\"lazy\" \/>\n\t<\/figure>\n<figure itemscope itemtype=\"https:\/\/schema.org\/ImageObject\">\n\t\t\t\t<img decoding=\"async\" src=\"https:\/\/songhatid.com\/wp-content\/uploads\/2017\/05\/Hafnarfjordur-logo-website-2-e1527517571260.png\" alt=\"Hafnarfjordur logo website\" title=\"Hafnarfjordur logo website\" onerror=\"this.style.display='none'\" loading=\"lazy\" \/>\n\t<\/figure>\n<figure itemscope itemtype=\"https:\/\/schema.org\/ImageObject\">\n\t\t\t\t<img decoding=\"async\" src=\"https:\/\/songhatid.com\/wp-content\/uploads\/2018\/05\/TMI-Tonlistarsjodur-Merki-B-Svart.png\" alt=\"TMI-Tonlistarsjodur-Merki-B-Svart\" height=\"1184\" width=\"5870\" title=\"TMI-Tonlistarsjodur-Merki-B-Svart\" onerror=\"this.style.display='none'\" loading=\"lazy\" \/>\n\t<\/figure>\n\t<hr \/>\n<p>&nbsp;<\/p>\n<h2>\u00a9 S\u00f6ngh\u00e1t\u00ed\u00f0 \u00ed Hafnarborg<\/h2>\n<p>www.songhatid.is<\/p>\n<p>info@songhatid.com<\/p>\n<p>Hafnarborg, Strandgata 34, 220 Hafnarfj\u00f6r\u00f0ur<\/p>\n<p>S. 585 5790<\/p>","protected":false},"excerpt":{"rendered":"<p>S\u00f6ngh\u00e1t\u00ed\u00f0 \u00ed Hafnarborg fagnar 10 \u00e1ra afm\u00e6li 13. &#8211; 28.6.2026 Myndir fr\u00e1 S\u00f6ngh\u00e1t\u00ed\u00f0 \u00ed Hafnarborg 2025 T\u00f3nleikar 2026 Laugardagur 13.6.2026 kl. 17:00 Lj\u00f3\u00f0at\u00f3nleikar Sally Matthews s\u00f3pran Simon Lepper p\u00edan\u00f3leikari Laugardagur 20.6.2026 kl. 17:00 Suor Angelica eftir Giacomo Puccini Gjallandi \u00d3l\u00edna \u00c1kad\u00f3ttir p\u00edan\u00f3leikari Sunnudagur 21.6.2026 kl. 17:00 Lj\u00f3\u00f0at\u00f3nleikar Stuart Skelton ten\u00f3r Liam Kaplan p\u00edan\u00f3leikari \u00deri\u00f0judagur 23.6.2026&hellip;<\/p>","protected":false},"author":1,"featured_media":0,"parent":0,"menu_order":0,"comment_status":"closed","ping_status":"closed","template":"","meta":{"footnotes":""},"class_list":["post-3798","page","type-page","status-publish","hentry"],"_links":{"self":[{"href":"https:\/\/songhatid.com\/en\/wp-json\/wp\/v2\/pages\/3798","targetHints":{"allow":["GET"]}}],"collection":[{"href":"https:\/\/songhatid.com\/en\/wp-json\/wp\/v2\/pages"}],"about":[{"href":"https:\/\/songhatid.com\/en\/wp-json\/wp\/v2\/types\/page"}],"author":[{"embeddable":true,"href":"https:\/\/songhatid.com\/en\/wp-json\/wp\/v2\/users\/1"}],"replies":[{"embeddable":true,"href":"https:\/\/songhatid.com\/en\/wp-json\/wp\/v2\/comments?post=3798"}],"version-history":[{"count":72,"href":"https:\/\/songhatid.com\/en\/wp-json\/wp\/v2\/pages\/3798\/revisions"}],"predecessor-version":[{"id":4034,"href":"https:\/\/songhatid.com\/en\/wp-json\/wp\/v2\/pages\/3798\/revisions\/4034"}],"wp:attachment":[{"href":"https:\/\/songhatid.com\/en\/wp-json\/wp\/v2\/media?parent=3798"}],"curies":[{"name":"wp","href":"https:\/\/api.w.org\/{rel}","templated":true}]}}