{"id":816,"date":"2017-05-22T19:04:54","date_gmt":"2017-05-22T19:04:54","guid":{"rendered":"https:\/\/www.songhatid.com\/?page_id=816&#038;lang=is"},"modified":"2025-04-27T11:54:47","modified_gmt":"2025-04-27T11:54:47","slug":"tonlistarnamskeid-6-12-ara","status":"publish","type":"page","link":"https:\/\/songhatid.com\/en\/tonlistarnamskeid-6-12-ara\/","title":{"rendered":"TONLISTARNAMSKEID 6 12 ARA"},"content":{"rendered":"<h1><strong>T\u00f3nlistar- og myndlistarn\u00e1mskei\u00f0 fyrir 6 &#8211; 12 \u00e1ra<\/strong><\/h1>\n<p>&nbsp;<\/p>\n<hr \/>\n<h4><strong>M\u00e1n. 23. j\u00fan\u00ed &#8211; f\u00f6s. 27. j\u00fan\u00ed 2025<\/strong><\/h4>\n<h4><strong>6-9 \u00e1ra: kl. 9:00-12:00<\/strong><\/h4>\n<h4><strong>10-12 \u00e1ra: kl. 13:00-16:00<\/strong><\/h4>\n<h4><strong>T\u00f3nleikar f\u00f6s. 27. j\u00fan\u00ed kl. 17:00.<\/strong><\/h4>\n<hr \/>\n\n<h4>Hafnarborg og S\u00f6ngh\u00e1t\u00ed\u00f0 \u00ed Hafnarborg bj\u00f3\u00f0a upp \u00e1 T\u00f3nlistar- og myndlistarn\u00e1mskei\u00f0 fyrir b\u00f6rn \u00e1 aldrinum 6-12 \u00e1ra \u00ed Hafnarborg dagana 23. &#8211; 27. j\u00fan\u00ed 2025. Unnin ver\u00f0a verkefni \u00ed fj\u00f6lbreytta mi\u00f0la, b\u00e6\u00f0i \u00ed myndlist og t\u00f3nlist, me\u00f0 \u00fea\u00f0 a\u00f0 markmi\u00f0i a\u00f0 \u00f6rva skapandi hugsun og pers\u00f3nulega tj\u00e1ningu barnanna.<br \/>\nN\u00e1mskei\u00f0inu l\u00fdkur me\u00f0 myndlistars\u00fdningu og \u00fe\u00e1ttt\u00f6ku krakkanna \u00ed Fj\u00f6lskyldut\u00f3nleikum \u00e1 S\u00f6ngh\u00e1t\u00ed\u00f0 \u00ed Hafnarborg f\u00f6studaginn 27. j\u00fan\u00ed 2025 kl. 17:00-17:45.\u00a0 A\u00f0gangur \u00e1 t\u00f3nleikana er \u00f3keypis svo \u00fea\u00f0 er tilvali\u00f0 fyrir st\u00f3rfj\u00f6lskylduna og vini a\u00f0 koma og hlusta.<br \/>\n<\/h4>\n<h4>T\u00f3nlistarkennari \u00e1 n\u00e1mskei\u00f0inu er Hanna \u00c1g\u00fasta Olgeirsd\u00f3ttir s\u00f6ngkona.<br \/>\n<\/h4>\n<h4>Myndlistarkennari fyrir 6-9 \u00e1ra er \u00ddr K\u00e1rad\u00f3ttir.<br \/>\n<\/h4>\n<h4>Myndlistarkennari fyrir 10-12 \u00e1ra er Unnur Mj\u00f6ll S. Leifsd\u00f3ttir.<br \/>\n<\/h4>\n<h4>Sta\u00f0ur:<br \/>\nHafnarborg, Ap\u00f3tekssalur, Strandg\u00f6tu 34, Hafnarfir\u00f0i<br \/>\n<\/h4>\n<p>&nbsp;<\/p>\n<hr \/>\n<p>&nbsp;<\/p>\n\t<h4>Opi\u00f0 er fyrir skr\u00e1ningar \u00e1 <a href=\"https:\/\/sumar.vala.is\/#\/workshops\" target=\"_blank\" rel=\"noopener\">V\u00f6lu<\/a>. Athugi\u00f0 a\u00f0 fj\u00f6ldi \u00fe\u00e1tttakenda \u00ed sumarn\u00e1mskei\u00f0unum er takmarka\u00f0ur. Frekari uppl\u00fdsingar um sumarn\u00e1mskei\u00f0in eru veittar \u00ed s\u00edma 585 5790 e\u00f0a \u00ed gegnum netfangi\u00f0<br \/>\n<a href=\"mailto:hafnarborg@hafnarfjordur.is\">hafnarborg@hafnarfjordur.is<\/a>.<\/h4>\n\n<h4><a href=\"http:\/\/www.hafnarborg.is\">www.hafnarborg.is<\/a><\/h4>\n\t\t\t\t<img loading=\"lazy\" decoding=\"async\" src=\"https:\/\/songhatid.com\/wp-content\/uploads\/2018\/05\/IMG_5447.jpg\" alt=\"IMG_5447\" itemprop=\"image\" height=\"2835\" width=\"2835\" title=\"IMG_5447\" onerror=\"this.style.display='none'\"  \/>\n\t\t\t\t<img loading=\"lazy\" decoding=\"async\" src=\"https:\/\/songhatid.com\/wp-content\/uploads\/2022\/04\/IMG_4498.jpg\" alt=\"IMG_4498\" itemprop=\"image\" height=\"1000\" width=\"1500\" title=\"IMG_4498\" onerror=\"this.style.display='none'\"  \/>\n\t\t\t\t<img loading=\"lazy\" decoding=\"async\" src=\"https:\/\/songhatid.com\/wp-content\/uploads\/2017\/05\/Twins-4-copy.jpg\" alt=\"Twins 4 copy\" itemprop=\"image\" height=\"1091\" width=\"1636\" title=\"Twins 4 copy\" onerror=\"this.style.display='none'\"  \/>\n\t\t\t\t<img loading=\"lazy\" decoding=\"async\" src=\"https:\/\/songhatid.com\/wp-content\/uploads\/2017\/05\/Violin-and-Trombone-copy.jpg\" alt=\"Violin and Trombone copy\" itemprop=\"image\" height=\"1064\" width=\"1596\" title=\"Violin and Trombone copy\" onerror=\"this.style.display='none'\"  \/>\n\t\t\t\t<img loading=\"lazy\" decoding=\"async\" src=\"https:\/\/songhatid.com\/wp-content\/uploads\/2021\/04\/IMG_3748-2_800.jpg\" alt=\"IMG_3748-2_800\" itemprop=\"image\" height=\"533\" width=\"800\" title=\"IMG_3748-2_800\" onerror=\"this.style.display='none'\"  \/>","protected":false},"excerpt":{"rendered":"<p>T\u00f3nlistar- og myndlistarn\u00e1mskei\u00f0 fyrir 6 &#8211; 12 \u00e1ra &nbsp; M\u00e1n. 23. j\u00fan\u00ed &#8211; f\u00f6s. 27. j\u00fan\u00ed 2025 6-9 \u00e1ra: kl. 9:00-12:00 10-12 \u00e1ra: kl. 13:00-16:00 T\u00f3nleikar f\u00f6s. 27. j\u00fan\u00ed kl. 17:00. Hafnarborg og S\u00f6ngh\u00e1t\u00ed\u00f0 \u00ed Hafnarborg bj\u00f3\u00f0a upp \u00e1 T\u00f3nlistar- og myndlistarn\u00e1mskei\u00f0 fyrir b\u00f6rn \u00e1 aldrinum 6-12 \u00e1ra \u00ed Hafnarborg dagana 23. &#8211; 27. j\u00fan\u00ed&hellip;<\/p>","protected":false},"author":1,"featured_media":0,"parent":0,"menu_order":0,"comment_status":"closed","ping_status":"closed","template":"","meta":{"footnotes":""},"class_list":["post-816","page","type-page","status-publish","hentry"],"_links":{"self":[{"href":"https:\/\/songhatid.com\/en\/wp-json\/wp\/v2\/pages\/816","targetHints":{"allow":["GET"]}}],"collection":[{"href":"https:\/\/songhatid.com\/en\/wp-json\/wp\/v2\/pages"}],"about":[{"href":"https:\/\/songhatid.com\/en\/wp-json\/wp\/v2\/types\/page"}],"author":[{"embeddable":true,"href":"https:\/\/songhatid.com\/en\/wp-json\/wp\/v2\/users\/1"}],"replies":[{"embeddable":true,"href":"https:\/\/songhatid.com\/en\/wp-json\/wp\/v2\/comments?post=816"}],"version-history":[{"count":49,"href":"https:\/\/songhatid.com\/en\/wp-json\/wp\/v2\/pages\/816\/revisions"}],"predecessor-version":[{"id":3909,"href":"https:\/\/songhatid.com\/en\/wp-json\/wp\/v2\/pages\/816\/revisions\/3909"}],"wp:attachment":[{"href":"https:\/\/songhatid.com\/en\/wp-json\/wp\/v2\/media?parent=816"}],"curies":[{"name":"wp","href":"https:\/\/api.w.org\/{rel}","templated":true}]}}